{"id":684,"date":"2025-03-27T14:44:14","date_gmt":"2025-03-27T13:44:14","guid":{"rendered":"https:\/\/www.kadmedia.sk\/?page_id=684"},"modified":"2025-03-27T14:44:14","modified_gmt":"2025-03-27T13:44:14","slug":"zasady-ochrany-osobnych-udajov","status":"publish","type":"page","link":"https:\/\/www.kadmedia.sk\/en\/zasady-ochrany-osobnych-udajov\/","title":{"rendered":"Z\u00e1sady ochrany osobn\u00fdch \u00fadajov"},"content":{"rendered":"<h2 class=\"wp-block-heading\">Inform\u00e1cie o&nbsp;sprac\u00favan\u00ed osobn\u00fdch \u00fadajov<\/h2>\n\n\n\n<p>Poskytnut\u00e9 ka\u017edej fyzickej osobe, ktorej osobn\u00e9 \u00fadaje sa sprac\u00favaj\u00fa (\u010falej len \u201edotknut\u00e1 osoba\u201c) v s\u00falade s \u010dl\u00e1nkom 13 Nariadenia eur\u00f3pskeho parlamentu a rady EU 2016\/679 z 27. apr\u00edla 2016 o ochrane fyzick\u00fdch os\u00f4b pri sprac\u00favan\u00ed osobn\u00fdch \u00fadajov a o vo\u013enom pohybe tak\u00fdchto \u00fadajov (\u010falej len \u201enariadenie o ochrane \u00fadajov\u201c) a v s\u00falade s \u00a7 19 Z\u00e1kona NR SR \u010d. 18\/2018 Z.z o ochrane osobn\u00fdch \u00fadajov a o zmene a doplnen\u00ed niektor\u00fdch z\u00e1konov (\u010falej len \u201ez\u00e1kon o ochrane osobn\u00fdch \u00fadajov\u201c).<\/p>\n\n\n\n<p><strong>KADMEDIA s.r.o.<\/strong>&nbsp;je kreat\u00edvna produk\u010dn\u00e1 spolo\u010dnos\u0165 zameran\u00e1 na produkciu podujat\u00ed, online spotov a firemn\u00fdch vide\u00ed a dokument\u00e1rnych filmov.<\/p>\n\n\n\n<p><strong>Cie\u013eom spolo\u010dnosti<\/strong>&nbsp;je zabezpe\u010denie spokojnosti s poskytovan\u00fdmi slu\u017ebami a vytv\u00e1ranie trval\u00fdch dobr\u00fdch obchodn\u00fdch vz\u0165ahov.<\/p>\n\n\n\n<p><strong>Ochrana osobn\u00fdch \u00fadajov<\/strong>&nbsp;z\u00e1kazn\u00edkov, klientov, zmluvn\u00fdch partnerov, ale aj, \u017eiadate\u013eov, oznamovate\u013eov, \u010dlenov kontroln\u00fdch \u010di in\u00fdch org\u00e1nov a in\u00fdch dotknut\u00fdch os\u00f4b je pre spolo\u010dnos\u0165 ve\u013emi d\u00f4le\u017eit\u00e1.<\/p>\n\n\n\n<p>Z tohto d\u00f4vodu v\u0161etky procesy sprac\u00favania osobn\u00fdch \u00fadajov sa priebe\u017ene analyzuj\u00fa a zabezpe\u010duje sa ich s\u00falad s platnou legislat\u00edvou.<\/p>\n\n\n\n<p>Na z\u00e1klade toho V\u00e1m touto cestou poskytujeme:<\/p>\n\n\n\n<h2 class=\"wp-block-heading\"><strong>Inform\u00e1cie o prev\u00e1dzkovate\u013eovi informa\u010dn\u00fdch syst\u00e9mov<\/strong><\/h2>\n\n\n\n<p><strong>KADMEDIA s. r. o<\/strong><strong>.<\/strong><strong>,<\/strong><strong>&nbsp;Zadunajsk\u00e1 cesta 1, 85101<\/strong><strong>&nbsp;Bratislava&nbsp;<\/strong><strong>\u2013<\/strong><strong>&nbsp;Petr\u017ealka<\/strong><strong>, I\u010cO: 44112840<\/strong><\/p>\n\n\n\n<p>(\u010falej len \u201eprev\u00e1dzkovate\u013e\u201c)<\/p>\n\n\n\n<ul class=\"wp-block-list\">\n<li><strong>Zadunajsk\u00e1 cesta 1, 85101<\/strong><strong>\u00a0Bratislava<\/strong><\/li>\n\n\n\n<li>info@kadmedia.sk<\/li>\n\n\n\n<li>+421 907 426 591<\/li>\n<\/ul>\n\n\n\n<h2 class=\"wp-block-heading\"><strong>Inform\u00e1cie o \u00fa\u010deloch sprac\u00favania osobn\u00fdch \u00fadajov<\/strong><\/h2>\n\n\n\n<p><strong>Spolo\u010dnos\u0165 z\u00edskava zhroma\u017e\u010fuje, uchov\u00e1va a sprac\u00fava osobn\u00e9 \u00fadaje<\/strong>&nbsp;dotknut\u00fdch os\u00f4b, ktor\u00e9 potrebuje na \u2013 vedenie person\u00e1lnej agendy, vedenie \u00fa\u010dtovn\u00edctva, spr\u00e1vu registrat\u00fary, vybavovanie \u017eiadosti, s\u0165a\u017enost\u00ed a podnetov, v\u00fdkon kontroln\u00fdch \u010dinnost\u00ed, zabezpe\u010denie pr\u00e1vnych a zmluvn\u00fdch vz\u0165ahov, n\u00e1kup a predaj tovaru, poskytovanie slu\u017eieb, zverej\u0148ovanie \u00fadajov ako aj ochranu osobn\u00fdch \u00fadajov.<\/p>\n\n\n\n<p><strong>Tento dokument<\/strong>&nbsp;obsahuje inform\u00e1cie o naj\u010dastej\u0161\u00edch druhoch a form\u00e1ch spracovania osobn\u00fdch \u00fadajov, najm\u00e4 na internetov\u00fdch str\u00e1nkach spolo\u010dnosti. Pri inom spracovan\u00ed osobn\u00fdch \u00fadajov poskytujeme inform\u00e1cie adresne v\u00fdlu\u010dne dotknut\u00fdm osob\u00e1m, ktor\u00fdch sa toto spracovanie t\u00fdka, alebo v r\u00e1mci podmienok jednotliv\u00fdch slu\u017eieb, alebo zmluvn\u00fdch vz\u0165ahov.<\/p>\n\n\n\n<p><strong>Poskytnut\u00e9 osobn\u00e9 \u00fadaje<\/strong>&nbsp;vyu\u017e\u00edvame len na vopred stanoven\u00fd \u00fa\u010del sprac\u00favania, ktor\u00fd je jasne, jednozna\u010dne a konkr\u00e9tne vymedzen\u00fd v na\u0161om Z\u00e1zname o spracovate\u013esk\u00fdch \u010dinnostiach prev\u00e1dzkovate\u013ea v s\u00falade s \u00dastavou Slovenskej republiky, \u00fastavn\u00fdmi z\u00e1konmi, z\u00e1konmi a medzin\u00e1rodn\u00fdmi zmluvami, ktor\u00fdmi je Slovensk\u00e1 republika viazan\u00e1.<\/p>\n\n\n\n<p><strong>Na internetov\u00fdch str\u00e1nkach<\/strong>&nbsp;sprac\u00favame osobn\u00e9 \u00fadaje dotknut\u00fdch os\u00f4b najm\u00e4 pri prehliadan\u00ed a registr\u00e1cii, komunik\u00e1ci\u00ed s dotknut\u00fdmi osobami, pou\u017e\u00edvan\u00ed kontaktn\u00fdch formul\u00e1rov, pou\u017e\u00edvan\u00ed cookies, prihl\u00e1sen\u00ed k odberu slu\u017eieb, zaslan\u00ed podnetov na report\u00e1\u017e alebo in\u00fdch pr\u00edspevkov, podie\u013ean\u00ed sa dotknutej osoby na v\u00fdrobe a nat\u00e1\u010dan\u00ed programov.<\/p>\n\n\n\n<p><strong>V zmysle \u010dl. 6 ods.1 nariadenia&nbsp;<\/strong><strong>o ochrane \u00fadajov, resp. \u00a7 13 ods.1 z\u00e1kona o ochrane osobn\u00fdch \u00fadajov<\/strong>&nbsp;spolo\u010dnos\u0165 sprac\u00fava osobn\u00e9 \u00fadaje na pr\u00e1vnom z\u00e1klade kedy<\/p>\n\n\n\n<ul class=\"wp-block-list\">\n<li>dotknut\u00e1 osoba vyjadrila s\u00fahlas so sprac\u00favan\u00edm svojich osobn\u00fdch \u00fadajov aspo\u0148 na jeden konkr\u00e9tny \u00fa\u010del pri evidencia z\u00e1stupcov dod\u00e1vate\u013eov a odberate\u013eov, zverej\u0148ovan\u00ed \u00fadajov na internetovej str\u00e1nke, soci\u00e1lnej sieti a v tla\u010den\u00fdch dokumentoch,<\/li>\n\n\n\n<li>sprac\u00favanie osobn\u00fdch \u00fadajov je nevyhnutn\u00e9 na plnenie zmluvy, ktorej zmluvnou stranou je dotknut\u00e1 osoba, alebo na vykonanie opatrenia pred uzatvoren\u00edm zmluvy na z\u00e1klade \u017eiadosti dotknutej osoby pri evidenci\u00ed subjektov v\u0161eobecn\u00fdch pr\u00e1vnych a zmluvn\u00fdch vz\u0165ahov, objedn\u00e1van\u00ed \u017eiadate\u013eov o slu\u017eby, poskytovan\u00ed slu\u017eieb, predaji tovaru, vybavovan\u00ed reklam\u00e1ci\u00ed.<\/li>\n\n\n\n<li>sprac\u00favanie osobn\u00fdch \u00fadajov je nevyhnutn\u00e9 pod\u013ea osobitn\u00e9ho predpisu alebo medzin\u00e1rodnej zmluvy, ktorou je Slovensk\u00e1 republika viazan\u00e1 pri veden\u00ed person\u00e1lnych z\u00e1znamov o doch\u00e1dzke, odvodoch do soci\u00e1lnej a zdravotnej pois\u0165ovne, veden\u00ed mzdovej agendy, spracovan\u00ed da\u0148ov\u00fdch priznan\u00ed, vy\u00fa\u010dtovan\u00ed pracovn\u00fdch ciest, spracovan\u00ed \u00fa\u010dtovn\u00fdch dokladov, pr\u00edjme a vydaji hotovost\u00ed, prij\u00edman\u00ed a odosielan\u00ed listinn\u00fdch a elektronick\u00fdch z\u00e1sielok, spr\u00e1ve reg. strediska, v\u00fdkone kontroln\u00fdch alebo dozorn\u00fdch \u010dinnost\u00ed, vybavovan\u00ed \u017eiadost\u00ed, podnetov a s\u0165a\u017enost\u00ed, pou\u010deniach a \u0161koleniach os\u00f4b, uplatnen\u00ed pr\u00e1v dotknut\u00fdch os\u00f4b a evidenci\u00ed bezpe\u010dnostn\u00fdch incidentov,<\/li>\n\n\n\n<li>sprac\u00favanie osobn\u00fdch \u00fadajov je nevyhnutn\u00e9 na \u00fa\u010del opr\u00e1vnen\u00fdch z\u00e1ujmov prev\u00e1dzkovate\u013ea alebo tretej strany pri pou\u017e\u00edvan\u00ed kontaktov na pracovn\u00e9 \u00fa\u010dely, ponuke slu\u017eieb a tovaru \u2013 marketingovej \u010dinnosti, propag\u00e1ci\u00ed spolo\u010dnosti a uplatnen\u00ed pr\u00e1v a pr\u00e1vnych n\u00e1rokov.<\/li>\n<\/ul>\n\n\n\n<p><strong>S\u00fahlas dotknutej osoby<\/strong>&nbsp;pri tom z\u00edskavame bez n\u00e1tlaku a vynucovania, ako aj bez podmie\u0148ovania hrozbou odmietnutia zmluvn\u00e9ho vz\u0165ahu, poskytovan\u00fdch slu\u017eieb alebo povinnost\u00ed vypl\u00fdvaj\u00facich pre spolo\u010dnos\u0165 z pr\u00e1vne z\u00e1v\u00e4zn\u00fdch aktov Eur\u00f3pskej \u00fanie, medzin\u00e1rodnej zmluvy, ktorou je Slovensk\u00e1 republika viazan\u00e1 alebo z\u00e1kona.<\/p>\n\n\n\n<p><strong>Poskytovanie osobn\u00fdch \u00fadajov<\/strong>&nbsp;formou s\u00fahlasu je dobrovo\u013en\u00e9 a slobodn\u00e9. Dotknut\u00e1 osoba m\u00e1 pr\u00e1vo kedyko\u013evek odvola\u0165 svoj s\u00fahlas, doru\u010den\u00edm p\u00edsomn\u00e9ho odvolania s\u00fahlasu na kontaktn\u00e9 adresy spolo\u010dnosti.<\/p>\n\n\n\n<p><strong>Pri sprac\u00favan\u00ed osobn\u00fdch \u00fadajov dotknut\u00fdch os\u00f4b z\u00edskan\u00fdch od tretej strany<\/strong>&nbsp;sa spolo\u010dnos\u0165 v\u017edy uist\u00ed, \u017ee dotknut\u00e1 osoba dala tretej strane s\u00fahlas s prenosom (sprostredkovan\u00edm) t\u00fdchto osobn\u00fdch \u00fadajov pre dan\u00fd \u00fa\u010del a \u017ee tak\u00fdto prenos a sprac\u00favanie osobn\u00fdch \u00fadajov m\u00f4\u017ee dotknut\u00e1 osoba legit\u00edmne o\u010dak\u00e1va\u0165.<\/p>\n\n\n\n<p><strong>Vo vz\u0165ahu k osob\u00e1m mlad\u0161\u00edm ako 16 rokov<\/strong>&nbsp;spolo\u010dnos\u0165 nezhroma\u017e\u010fujeme ani nesprac\u00favame osobn\u00e9 \u00fadaje tak\u00fdchto fyzick\u00fdch os\u00f4b bez predch\u00e1dzaj\u00faceho s\u00fahlasu z\u00e1konn\u00e9ho z\u00e1stupcu t\u00fdchto os\u00f4b.<\/p>\n\n\n\n<p><strong>Opr\u00e1vnen\u00fdm z\u00e1ujmom<\/strong>&nbsp;spolo\u010dnosti je najm\u00e4 pou\u017e\u00edvanie kontaktov na pracovn\u00e9 \u00fa\u010dely, informovanie o \u010dinnosti a propag\u00e1cia, skvalit\u0148ovanie slu\u017eieb, ale aj zis\u0165ovanie n\u00e1zorov, podnetov a pripomienok dotknut\u00fdch os\u00f4b a uplatnenia pr\u00e1v a pr\u00e1vnych n\u00e1rokov.<\/p>\n\n\n\n<p>V pr\u00edpade odmietnutia poskytnutia osobn\u00fdch \u00fadajov na \u00fa\u010dely plnenia zmluvn\u00fdch povinnost\u00ed, \u010di nap\u013a\u0148ania z\u00e1konn\u00fdch povinnost\u00ed je prev\u00e1dzkovate\u013e opr\u00e1vnen\u00fd upozorni\u0165 dotknut\u00fa osobu na mo\u017en\u00e9 n\u00e1sledky neposkytnutia osobn\u00fdch \u00fadajov!<\/p>\n\n\n\n<h2 class=\"wp-block-heading\"><strong>Inform\u00e1cie o kateg\u00f3ri\u00e1ch a rozsahu osobn\u00fdch \u00fadajov<\/strong><\/h2>\n\n\n\n<p><strong>Osobn\u00e9 \u00fadaje<\/strong>, ktor\u00e9 spolo\u010dnos\u0165 sprac\u00fava s\u00fa pre potreby informovania dotknut\u00fdch os\u00f4b rozdelen\u00e9 na be\u017en\u00e9 osobn\u00e9 \u00fadaje a osobitn\u00fa kateg\u00f3riu osobn\u00fdch \u00fadajov.<\/p>\n\n\n\n<p><strong>Be\u017en\u00fdmi osobn\u00fdmi \u00fadajmi<\/strong>&nbsp;s\u00fa identifika\u010dn\u00e9, lokaliza\u010dn\u00e9, kontaktn\u00e9, pracovn\u00e9, zmluvn\u00e9, rodinn\u00e9, platobn\u00e9, vzdelanostn\u00e9, kvalifika\u010dn\u00e9, d\u00f4chodkov\u00e9, majetkov\u00e9, pr\u00edstupov\u00e9, komunika\u010dn\u00e9, bezpe\u010dnostn\u00e9, alebo in\u00e9 \u00fadaje na z\u00e1klade jednej alebo viacer\u00fdch charakterist\u00edk alebo znakov, ktor\u00fdch sprac\u00favanie je vymedzen\u00e9 v \u010dl. 6 ods. 1 nariadenia o ochrane \u00fadajov a \u00a7 13 ods. 1 z\u00e1kona o ochrane osobn\u00fdch \u00fadajov.<\/p>\n\n\n\n<p><strong>Osobitn\u00fdmi kateg\u00f3riami osobn\u00fdch \u00fadajov<\/strong>&nbsp;s\u00fa \u00fadaje, ktor\u00e9 odha\u013euj\u00fa rasov\u00fd p\u00f4vod alebo etnick\u00fd p\u00f4vod, politick\u00e9 n\u00e1zory, n\u00e1bo\u017eensk\u00fa vieru, filozofick\u00e9 presved\u010denie, \u010dlenstvo v odborov\u00fdch organiz\u00e1ci\u00e1ch, genetick\u00e9 \u00fadaje, biometrick\u00e9 \u00fadaje, \u00fadaje t\u00fdkaj\u00face sa zdravia alebo \u00fadaje t\u00fdkaj\u00face sa sexu\u00e1lneho \u017eivota alebo sexu\u00e1lnej orient\u00e1cie fyzickej osoby.<\/p>\n\n\n\n<p><strong>\u00dadajmi sprac\u00favan\u00fdmi na internetov\u00fdch str\u00e1nkach&nbsp;<\/strong>s\u00fa tak\u00e9, ktor\u00e9 zah\u0155\u0148aj\u00fa pr\u00edstup a \u010dinnos\u0165 na internetov\u00fdch str\u00e1nkach, najm\u00e4 \u010das\u0165 IP adresy, inform\u00e1cie t\u00fdkaj\u00face sa pou\u017e\u00edvan\u00e9ho prehliada\u010da a opera\u010dn\u00e9ho syst\u00e9mu, d\u00e1tum a \u010das pr\u00edstupu, rozsah a obsah n\u00e1v\u0161tevy, odoslan\u00fd objem d\u00e1t. Tieto \u00fadaje vyu\u017e\u00edvame najm\u00e4 na zvy\u0161ovanie kvality pr\u00edstupu a obsahu, ako aj na zaistenie bezpe\u010dnosti internetov\u00fdch str\u00e1nok alebo pre \u00fa\u010dely zobrazenia relevantnej reklamy v prehliada\u010di.<\/p>\n\n\n\n<p>Spolo\u010dnos\u0165 sprac\u00fava vo svojich informa\u010dn\u00fdch syst\u00e9moch osobn\u00e9 \u00fadaje dotknut\u00fdch os\u00f4b len&nbsp;<strong>v rozsahu potrebnom na<\/strong>&nbsp;<strong>dosiahnutie stanoven\u00e9ho \u00fa\u010delu,<\/strong>&nbsp;ktor\u00fd je stanoven\u00fd osobitn\u00fdmi v\u0161eobecne platn\u00fdmi pr\u00e1vnymi predpismi, alebo s\u00fahlasom dotknutej osoby. Pri tom berie oh\u013ead na povahu, rozsah a \u00fa\u010del sprac\u00favania osobn\u00fdch \u00fadajov a na rizik\u00e1 a prij\u00edmanie vhodn\u00fdch technick\u00fdch a organiza\u010dn\u00fdch opatren\u00ed na zabezpe\u010denie sprac\u00favania osobn\u00fdch \u00fadajov v s\u00falade so z\u00e1konom.<\/p>\n\n\n\n<p>Pre kvalitn\u00fa a spo\u013eahliv\u00fa ochranu sprac\u00favan\u00fdch osobn\u00fdch \u00fadajov m\u00e1 spolo\u010dnos\u0165 zaveden\u00fa \u0161tandardn\u00fa aj \u0161pecificky navrhnut\u00fa ochranu, ktor\u00e1 poskytuje primeran\u00e9 z\u00e1ruky bezpe\u010dnosti sprac\u00favania.<\/p>\n\n\n\n<p>Sprac\u00favanie osobn\u00fdch \u00fadajov dotknut\u00fdch os\u00f4b v na\u0161ich informa\u010dn\u00fdch syst\u00e9moch je vykon\u00e1van\u00e9&nbsp;<strong>automatizovan\u00fdmi i neautomatizovan\u00fdmi<\/strong>&nbsp;prostriedkami sprac\u00favania.<\/p>\n\n\n\n<p><strong>Poskytovanie a zverej\u0148ovanie<\/strong>, nie je vykon\u00e1van\u00e9 okrem pr\u00edpadov, ak si to vy\u017eaduje osobitn\u00fd pr\u00e1vny predpis alebo rozhodnutie s\u00fadu alebo in\u00e9ho opr\u00e1vnen\u00e9ho org\u00e1nu, alebo pri uplat\u0148ovan\u00ed zmluvn\u00fdch povinnost\u00ed, na\u0161ich opr\u00e1vnen\u00fdch z\u00e1ujmov a na z\u00e1klade s\u00fahlasu dotknutej osoby.<\/p>\n\n\n\n<p><strong>Sprostredkovanie&nbsp;<\/strong>a v\u00fdber sprostredkovate\u013eov sa realizuje okrem in\u00e9ho aj s oh\u013eadom na z\u00e1ruky ich spo\u013eahlivosti a odbornej pripravenosti na sprac\u00favanie osobn\u00fdch \u00fadajov, pri\u010dom tieto subjekty s\u00fa zmluvne zaviazan\u00e9 povinnos\u0165ou prija\u0165 primeran\u00e9 technick\u00e9 a organiza\u010dn\u00e9 opatrenia, aby sprac\u00favanie osobn\u00fdch \u00fadajov sp\u013a\u0148alo v\u0161etky z\u00e1konn\u00e9 po\u017eiadavky.<\/p>\n\n\n\n<p><strong>Identifika\u010dn\u00e9 \u00fadaje subjektov<\/strong>, ktor\u00e9 pre spolo\u010dnos\u0165 sprac\u00favaj\u00fa osobn\u00e9 \u00fadaje ako aj subjektov pre ktor\u00e9 spolo\u010dnos\u0165 sprac\u00fava osobn\u00e9 \u00fadaje s\u00fa uveden\u00e9 v z\u00e1zname o spracovate\u013esk\u00fdch \u010dinnostiach prev\u00e1dzkovate\u013ea a z\u00e1zname o kateg\u00f3ri\u00e1ch spracovate\u013esk\u00fdch \u010dinnostiach sprostredkovate\u013ea.<\/p>\n\n\n\n<p><strong>Prenos osobn\u00fdch \u00fadajov<\/strong>&nbsp;<strong>do tretej krajiny alebo medzin\u00e1rodnej organiz\u00e1ci\u00ed&nbsp;<\/strong>sa nevykon\u00e1va.<\/p>\n\n\n\n<p><strong>Automatizovan\u00e9 individu\u00e1lne rozhodovanie<\/strong>&nbsp;<strong>vr\u00e1tane profilovania<\/strong>&nbsp;nie je realizovan\u00e9.<\/p>\n\n\n\n<p><strong>Uchov\u00e1vanie osobn\u00fdch \u00fadajov<\/strong>&nbsp;je v podmienkach spolo\u010dnosti zabezpe\u010den\u00e9 pod\u013ea z\u00e1kona \u010d. 395\/2002 Z. z. o arch\u00edvoch a registrat\u00farach. Osobn\u00e9 \u00fadaje s\u00fa uchov\u00e1van\u00e9 len na nevyhnutn\u00fa dobu trvania \u00fa\u010delu a n\u00e1sledne na \u00fa\u010dely archiv\u00e1cie po dobu stanoven\u00fa v registrat\u00farnom pl\u00e1ne prev\u00e1dzkovate\u013ea a s\u00fa archivovan\u00e9 na obdobie, ktor\u00e9 je vy\u017eadovan\u00e9 a uveden\u00e9 v pr\u00edslu\u0161n\u00fdch pr\u00e1vnych predpisoch a pod\u013ea v\u0161eobecne platn\u00fdch preml\u010dac\u00edch d\u00f4b.<\/p>\n\n\n\n<h2 class=\"wp-block-heading\"><strong>Inform\u00e1cie o pr\u00e1vach dotknutej osoby<\/strong><\/h2>\n\n\n\n<p>Nariadenie o ochrane \u00fadajov a z\u00e1kon o ochrane osobn\u00fdch \u00fadajov garantuj\u00fa dotknut\u00fdm osob\u00e1m<\/p>\n\n\n\n<p><strong>Pr\u00e1vo na pr\u00edstup k osobn\u00fdm \u00fadajom<\/strong><\/p>\n\n\n\n<p>M\u00e1te pr\u00e1vo od n\u00e1s po\u017eadova\u0165 potvrdenie o tom, \u010di sprac\u00favame osobn\u00e9 \u00fadaje, ktor\u00e9 sa V\u00e1s t\u00fdkaj\u00fa a ak \u00e1no, tak m\u00e1te pr\u00e1vo z\u00edska\u0165 pr\u00edstup k t\u00fdmto osobn\u00fdm \u00fadajom, ako aj pr\u00e1vo na z\u00e1kladn\u00e9 inform\u00e1cie o sprac\u00favan\u00ed Va\u0161ich osobn\u00fdch \u00fadajov.<\/p>\n\n\n\n<p><strong>Pr\u00e1vo na opravu a\/alebo doplnenie osobn\u00fdch \u00fadajov<\/strong><\/p>\n\n\n\n<p>M\u00e1te pr\u00e1vo po\u017eadova\u0165, aby sme bez zbyto\u010dn\u00e9ho odkladu opravili nespr\u00e1vne osobn\u00e9 \u00fadaje, ktor\u00e9 sa V\u00e1s t\u00fdkaj\u00fa, ako aj pr\u00e1vo na doplnenie ne\u00fapln\u00fdch osobn\u00fdch \u00fadajov.<\/p>\n\n\n\n<p><strong>Pr\u00e1vo na vymazanie osobn\u00fdch \u00fadajov<\/strong><\/p>\n\n\n\n<p>Pr\u00e1vo po\u017eadova\u0165 bezodkladn\u00e9 vymazanie Va\u0161ich osobn\u00fdch \u00fadajov m\u00e1te iba v pr\u00edpade, ak<\/p>\n\n\n\n<ul class=\"wp-block-list\">\n<li>osobn\u00e9 \u00fadaje u\u017e nie s\u00fa potrebn\u00e9 na \u00fa\u010dely, na ktor\u00e9 sa z\u00edskavali alebo inak sprac\u00favali;<\/li>\n\n\n\n<li>odvol\u00e1te s\u00fahlas, na z\u00e1klade ktor\u00e9ho sa sprac\u00favanie vykon\u00e1va, a ak neexistuje in\u00fd pr\u00e1vny z\u00e1klad pre sprac\u00favanie;<\/li>\n\n\n\n<li>namietate vo\u010di sprac\u00favaniu a nepreva\u017euj\u00fa \u017eiadne opr\u00e1vnen\u00e9 d\u00f4vody na sprac\u00favanie;<\/li>\n\n\n\n<li>osobn\u00e9 \u00fadaje sa sprac\u00favali nez\u00e1konne;<\/li>\n\n\n\n<li>osobn\u00e9 \u00fadaje musia by\u0165 vymazan\u00e9, aby sa splnila z\u00e1konn\u00e1 povinnos\u0165 pod\u013ea pr\u00e1va Eur\u00f3pskej \u00danie alebo pr\u00e1va \u010dlensk\u00e9ho \u0161t\u00e1tu, ktor\u00e9mu podliehame;<\/li>\n\n\n\n<li>osobn\u00e9 \u00fadaje sa z\u00edskavali v s\u00favislosti s ponukou slu\u017eieb informa\u010dnej spolo\u010dnosti pod\u013ea \u010dl\u00e1nku 8 ods. 1 nariadenia o ochrane \u00fadajov. Za t\u00fdmto \u00fa\u010delom n\u00e1s m\u00f4\u017eete kontaktova\u0165 kedyko\u013evek, a to prostredn\u00edctvom hore uveden\u00fdch kontaktn\u00fdch \u00fadajov, pri\u010dom n\u00e1sledne pos\u00fadime, \u010di vo Va\u0161om pr\u00edpade neexistuj\u00fa v\u00fdnimky, kedy nie je potrebn\u00e9 vymaza\u0165 Va\u0161e \u00fadaje aj ke\u010f je splnen\u00e1 niektor\u00e1 z vy\u0161\u0161ie uveden\u00fdch podmienok (napr. je to potrebn\u00e9 na uplat\u0148ovanie pr\u00e1vnych n\u00e1rokov).<\/li>\n<\/ul>\n\n\n\n<p><strong>Pr\u00e1vo na obmedzenie sprac\u00favania osobn\u00fdch \u00fadajov<\/strong><\/p>\n\n\n\n<p>M\u00e1te pr\u00e1vo, aby sme obmedzili sprac\u00favanie Va\u0161ich \u00fadajov (t.j. Va\u0161e \u00fadaje iba uchov\u00e1vali, av\u0161ak in\u00fdm sp\u00f4sobom ich nesprac\u00favali), ak<\/p>\n\n\n\n<ul class=\"wp-block-list\">\n<li>ste napadli spr\u00e1vnos\u0165 osobn\u00fdch \u00fadajov;<\/li>\n\n\n\n<li>sprac\u00favanie je protiz\u00e1konn\u00e9 a Vy namietate proti vymazaniu osobn\u00fdch \u00fadajov a \u017eiadate namiesto toho obmedzenie ich pou\u017eitia;<\/li>\n\n\n\n<li>u\u017e nepotrebujeme Va\u0161e osobn\u00e9 \u00fadaje na \u00fa\u010dely sprac\u00favania, ale potrebujete ich Vy na preuk\u00e1zanie, uplat\u0148ovanie alebo obhajovanie pr\u00e1vnych n\u00e1rokov;<\/li>\n\n\n\n<li>namietate vo\u010di sprac\u00favaniu.<\/li>\n<\/ul>\n\n\n\n<p>Za t\u00fdmto \u00fa\u010delom n\u00e1s m\u00f4\u017eete kontaktova\u0165 kedyko\u013evek, a to prostredn\u00edctvom hore uveden\u00fdch kontaktn\u00fdch \u00fadajov, pri\u010dom n\u00e1sledne pos\u00fadime, \u010di vo Va\u0161om pr\u00edpade neexistuj\u00fa v\u00fdnimky, kedy je mo\u017en\u00e9 Va\u0161e osobn\u00e9 \u00fadaje sprac\u00fava\u0165 aj in\u00fdm sp\u00f4sobom, nielen uchov\u00e1van\u00edm.<\/p>\n\n\n\n<p><strong>Pr\u00e1vo namieta\u0165 proti sprac\u00favaniu osobn\u00fdch \u00fadajov<\/strong><\/p>\n\n\n\n<p>M\u00e1te pr\u00e1vo namieta\u0165 proti sprac\u00favaniu Va\u0161ich osobn\u00fdch \u00fadajov, ak je pr\u00e1vnym z\u00e1kladom sprac\u00favania Va\u0161ich osobn\u00fdch \u00fadajov je nevyhnutn\u00e9 na \u00fa\u010dely opr\u00e1vnen\u00fdch z\u00e1ujmov, ktor\u00e9 sleduje na\u0161a spolo\u010dnos\u0165 alebo tretia strana, s v\u00fdnimkou pr\u00edpadov, ke\u010f nad tak\u00fdmito z\u00e1ujmami preva\u017euj\u00fa z\u00e1ujmy alebo z\u00e1kladn\u00e9 pr\u00e1va a slobody Va\u0161ej osoby, ktor\u00e9 si vy\u017eaduj\u00fa ochranu osobn\u00fdch \u00fadajov, najm\u00e4 ak je dotknutou osobu die\u0165a. V pr\u00edpade priameho marketingu m\u00e1te v\u017edy pr\u00e1vo namieta\u0165 sprac\u00favanie osobn\u00fdch \u00fadajov. Va\u0161e osobn\u00e9 \u00fadaje m\u00f4\u017eeme sprac\u00fava\u0165 iba, ak by sme preuk\u00e1zali nevyhnutn\u00e9 opr\u00e1vnen\u00e9 d\u00f4vody na sprac\u00favanie, ktor\u00e9 by preva\u017eovali nad z\u00e1ujmami, pr\u00e1vami a slobodami alebo d\u00f4vody na preukazovanie, uplat\u0148ovanie alebo obhajovanie pr\u00e1vnych n\u00e1rokov.<\/p>\n\n\n\n<p><strong>Pr\u00e1vo na prenosnos\u0165 osobn\u00fdch \u00fadajov<\/strong><\/p>\n\n\n\n<p>Ak sa sprac\u00favanie Va\u0161ich osobn\u00fdch \u00fadajov vykon\u00e1va automatizovan\u00fdmi prostriedkami, a to na z\u00e1klade V\u00e1\u0161ho s\u00fahlasu alebo pre \u00fa\u010dely plnenia zmluvy, m\u00e1te pr\u00e1vo z\u00edska\u0165 osobn\u00e9 \u00fadaje, ktor\u00e9 sa V\u00e1s t\u00fdkaj\u00fa a ktor\u00e9 ste n\u00e1m poskytli, a to v \u0161trukt\u00farovanom, be\u017ene pou\u017e\u00edvanom a strojovo \u010ditate\u013enom form\u00e1te a m\u00e1te pr\u00e1vo prenies\u0165 tieto \u00fadaje \u010fal\u0161ej osobe (prev\u00e1dzkovate\u013eovi).<\/p>\n\n\n\n<p><strong>Pr\u00e1vo kedyko\u013evek odvola\u0165 s\u00fahlas so sprac\u00favan\u00edm osobn\u00fdch \u00fadajov<\/strong><\/p>\n\n\n\n<p>V neposlednom rade m\u00e1te pr\u00e1vo kedyko\u013evek odvola\u0165 Vami udelen\u00fd s\u00fahlas so spracovan\u00edm osobn\u00fdch \u00fadajov, ktor\u00e9 sa V\u00e1s t\u00fdkaj\u00fa. Odvolanie s\u00fahlasu nem\u00e1 vplyv na z\u00e1konnos\u0165 sprac\u00favania osobn\u00fdch \u00fadajov zalo\u017eenom na s\u00fahlase pred jeho odvolan\u00edm.<\/p>\n\n\n\n<p>Za \u00fa\u010delom uplatnenia vy\u0161\u0161ie uveden\u00fdch pr\u00e1v n\u00e1s m\u00f4\u017eete kedyko\u013evek kontaktova\u0165 prostredn\u00edctvom hore uveden\u00fdch kontaktn\u00fdch \u00fadajov.<\/p>\n\n\n\n<p><strong>Pr\u00e1vo poda\u0165 s\u0165a\u017enos\u0165 dozorn\u00e9mu org\u00e1nu<\/strong><\/p>\n\n\n\n<p>V pr\u00edpade, ak m\u00e1te za to, \u017ee pri sprac\u00favan\u00ed Va\u0161ich osobn\u00fdch \u00fadajov do\u0161lo k poru\u0161eniu Va\u0161ich pr\u00e1v, alebo k poru\u0161eniu nariadenia o ochrane \u00fadajov, alebo z\u00e1kona o ochrane osobn\u00fdch \u00fadajov, m\u00f4\u017eete poda\u0165 n\u00e1vrh na za\u010datie konania o ochrane osobn\u00fdch \u00fadajov, a to \u00daradu na ochranu osobn\u00fdch \u00fadajov SR. Vzor n\u00e1vrhu je uverejnen\u00fd na str\u00e1nke \u00faradu&nbsp;<a href=\"http:\/\/www.dataprotection.gov.sk\/\">www.dataprotection.gov.sk<\/a>.<\/p>\n\n\n\n<p><strong>Na ak\u00e9ko\u013evek podnety a ot\u00e1zky v s\u00favislost\u00ed so sprac\u00favan\u00edm Va\u0161ich osobn\u00fdch \u00fadajov s\u00fa V\u00e1m k dispoz\u00edci\u00ed na\u0161i pracovn\u00edci na uveden\u00fdch kontaktoch a v administrat\u00edvnych priestoroch spolo\u010dnosti.<\/strong><\/p>\n\n\n\n<p><strong>Dokumenty k uplatneniu pr\u00e1v dotknut\u00fdch os\u00f4b<\/strong><\/p>\n\n\n\n<ul class=\"wp-block-list\">\n<li><a href=\"https:\/\/www.amazingspace.sk\/wp-content\/uploads\/2023\/10\/Ziadost-o-pristup.pdf\">\u017eiados\u0165 o pr\u00edstup<\/a><\/li>\n\n\n\n<li><a href=\"https:\/\/www.amazingspace.sk\/wp-content\/uploads\/2023\/10\/Ziadost-o-obmedzenie-spracovania.pdf\">\u017eiados\u0165 o obmedzenie sprac\u00favania<\/a><\/li>\n\n\n\n<li><a href=\"https:\/\/www.amazingspace.sk\/wp-content\/uploads\/2023\/10\/Ziadost-o-opravu.pdf\">\u017eiados\u0165 o opravu<\/a><\/li>\n\n\n\n<li><a href=\"https:\/\/www.amazingspace.sk\/wp-content\/uploads\/2023\/10\/Ziadost-o-vymaz.pdf\">\u017eiados\u0165 o v\u00fdmaz<\/a><\/li>\n\n\n\n<li><a href=\"https:\/\/www.amazingspace.sk\/wp-content\/uploads\/2023\/10\/Odvolanie-suhlasu.pdf\">odvolanie s\u00fahlasu<\/a><\/li>\n<\/ul>","protected":false},"excerpt":{"rendered":"<p>Inform\u00e1cie o&nbsp;sprac\u00favan\u00ed osobn\u00fdch \u00fadajov Poskytnut\u00e9 ka\u017edej fyzickej osobe, ktorej osobn\u00e9 \u00fadaje sa sprac\u00favaj\u00fa (\u010falej len \u201edotknut\u00e1 osoba\u201c) v s\u00falade s \u010dl\u00e1nkom 13 Nariadenia eur\u00f3pskeho parlamentu a rady EU 2016\/679 z 27. apr\u00edla 2016 o ochrane fyzick\u00fdch os\u00f4b pri sprac\u00favan\u00ed osobn\u00fdch \u00fadajov a o vo\u013enom pohybe tak\u00fdchto \u00fadajov (\u010falej len \u201enariadenie o ochrane \u00fadajov\u201c) a v [&#8230;]","protected":false},"author":1,"featured_media":0,"parent":0,"menu_order":0,"comment_status":"closed","ping_status":"closed","template":"","meta":{"_monsterinsights_skip_tracking":false,"_monsterinsights_sitenote_active":false,"_monsterinsights_sitenote_note":"","_monsterinsights_sitenote_category":0,"footnotes":""},"class_list":["post-684","page","type-page","status-publish","hentry"],"yoast_head":"<!-- This site is optimized with the Yoast SEO plugin v24.3 - https:\/\/yoast.com\/wordpress\/plugins\/seo\/ -->\n<title>Z\u00e1sady ochrany osobn\u00fdch \u00fadajov - KadMedia<\/title>\n<meta name=\"robots\" content=\"index, follow, max-snippet:-1, max-image-preview:large, max-video-preview:-1\" \/>\n<link rel=\"canonical\" href=\"https:\/\/www.kadmedia.sk\/en\/zasady-ochrany-osobnych-udajov\/\" \/>\n<meta property=\"og:locale\" content=\"en_US\" \/>\n<meta property=\"og:type\" content=\"article\" \/>\n<meta property=\"og:title\" content=\"Z\u00e1sady ochrany osobn\u00fdch \u00fadajov - KadMedia\" \/>\n<meta property=\"og:description\" content=\"Inform\u00e1cie o&nbsp;sprac\u00favan\u00ed osobn\u00fdch \u00fadajov Poskytnut\u00e9 ka\u017edej fyzickej osobe, ktorej osobn\u00e9 \u00fadaje sa sprac\u00favaj\u00fa (\u010falej len \u201edotknut\u00e1 osoba\u201c) v s\u00falade s \u010dl\u00e1nkom 13 Nariadenia eur\u00f3pskeho parlamentu a rady EU 2016\/679 z 27. apr\u00edla 2016 o ochrane fyzick\u00fdch os\u00f4b pri sprac\u00favan\u00ed osobn\u00fdch \u00fadajov a o vo\u013enom pohybe tak\u00fdchto \u00fadajov (\u010falej len \u201enariadenie o ochrane \u00fadajov\u201c) a v [...]\" \/>\n<meta property=\"og:url\" content=\"https:\/\/www.kadmedia.sk\/en\/zasady-ochrany-osobnych-udajov\/\" \/>\n<meta property=\"og:site_name\" content=\"KadMedia\" \/>\n<meta property=\"article:publisher\" content=\"https:\/\/www.facebook.com\/kadmedia\/?locale=sk_SK\" \/>\n<meta name=\"twitter:card\" content=\"summary_large_image\" \/>\n<meta name=\"twitter:label1\" content=\"Est. reading time\" \/>\n\t<meta name=\"twitter:data1\" content=\"11 minutes\" \/>\n<script type=\"application\/ld+json\" class=\"yoast-schema-graph\">{\"@context\":\"https:\/\/schema.org\",\"@graph\":[{\"@type\":\"WebPage\",\"@id\":\"https:\/\/www.kadmedia.sk\/zasady-ochrany-osobnych-udajov\/\",\"url\":\"https:\/\/www.kadmedia.sk\/zasady-ochrany-osobnych-udajov\/\",\"name\":\"Z\u00e1sady ochrany osobn\u00fdch \u00fadajov - KadMedia\",\"isPartOf\":{\"@id\":\"https:\/\/www.kadmedia.sk\/#website\"},\"datePublished\":\"2025-03-27T13:44:14+00:00\",\"dateModified\":\"2025-03-27T13:44:14+00:00\",\"breadcrumb\":{\"@id\":\"https:\/\/www.kadmedia.sk\/zasady-ochrany-osobnych-udajov\/#breadcrumb\"},\"inLanguage\":\"en-US\",\"potentialAction\":[{\"@type\":\"ReadAction\",\"target\":[\"https:\/\/www.kadmedia.sk\/zasady-ochrany-osobnych-udajov\/\"]}]},{\"@type\":\"BreadcrumbList\",\"@id\":\"https:\/\/www.kadmedia.sk\/zasady-ochrany-osobnych-udajov\/#breadcrumb\",\"itemListElement\":[{\"@type\":\"ListItem\",\"position\":1,\"name\":\"Home\",\"item\":\"https:\/\/www.kadmedia.sk\/\"},{\"@type\":\"ListItem\",\"position\":2,\"name\":\"Z\u00e1sady ochrany osobn\u00fdch \u00fadajov\"}]},{\"@type\":\"WebSite\",\"@id\":\"https:\/\/www.kadmedia.sk\/#website\",\"url\":\"https:\/\/www.kadmedia.sk\/\",\"name\":\"KadMedia\",\"description\":\"Kompletn\u00e9 technick\u00e9 zabezpe\u010denie podujat\u00ed\",\"publisher\":{\"@id\":\"https:\/\/www.kadmedia.sk\/#organization\"},\"potentialAction\":[{\"@type\":\"SearchAction\",\"target\":{\"@type\":\"EntryPoint\",\"urlTemplate\":\"https:\/\/www.kadmedia.sk\/?s={search_term_string}\"},\"query-input\":{\"@type\":\"PropertyValueSpecification\",\"valueRequired\":true,\"valueName\":\"search_term_string\"}}],\"inLanguage\":\"en-US\"},{\"@type\":\"Organization\",\"@id\":\"https:\/\/www.kadmedia.sk\/#organization\",\"name\":\"KadMedia\",\"url\":\"https:\/\/www.kadmedia.sk\/\",\"logo\":{\"@type\":\"ImageObject\",\"inLanguage\":\"en-US\",\"@id\":\"https:\/\/www.kadmedia.sk\/#\/schema\/logo\/image\/\",\"url\":\"https:\/\/www.kadmedia.sk\/wp-content\/uploads\/2025\/01\/kadmedia-logo-clear-1.png\",\"contentUrl\":\"https:\/\/www.kadmedia.sk\/wp-content\/uploads\/2025\/01\/kadmedia-logo-clear-1.png\",\"width\":290,\"height\":70,\"caption\":\"KadMedia\"},\"image\":{\"@id\":\"https:\/\/www.kadmedia.sk\/#\/schema\/logo\/image\/\"},\"sameAs\":[\"https:\/\/www.facebook.com\/kadmedia\/?locale=sk_SK\",\"https:\/\/www.instagram.com\/kadmedia.sk\/\"]}]}<\/script>\n<!-- \/ Yoast SEO plugin. -->","yoast_head_json":{"title":"Z\u00e1sady ochrany osobn\u00fdch \u00fadajov - KadMedia","robots":{"index":"index","follow":"follow","max-snippet":"max-snippet:-1","max-image-preview":"max-image-preview:large","max-video-preview":"max-video-preview:-1"},"canonical":"https:\/\/www.kadmedia.sk\/en\/zasady-ochrany-osobnych-udajov\/","og_locale":"en_US","og_type":"article","og_title":"Z\u00e1sady ochrany osobn\u00fdch \u00fadajov - KadMedia","og_description":"Inform\u00e1cie o&nbsp;sprac\u00favan\u00ed osobn\u00fdch \u00fadajov Poskytnut\u00e9 ka\u017edej fyzickej osobe, ktorej osobn\u00e9 \u00fadaje sa sprac\u00favaj\u00fa (\u010falej len \u201edotknut\u00e1 osoba\u201c) v s\u00falade s \u010dl\u00e1nkom 13 Nariadenia eur\u00f3pskeho parlamentu a rady EU 2016\/679 z 27. apr\u00edla 2016 o ochrane fyzick\u00fdch os\u00f4b pri sprac\u00favan\u00ed osobn\u00fdch \u00fadajov a o vo\u013enom pohybe tak\u00fdchto \u00fadajov (\u010falej len \u201enariadenie o ochrane \u00fadajov\u201c) a v [...]","og_url":"https:\/\/www.kadmedia.sk\/en\/zasady-ochrany-osobnych-udajov\/","og_site_name":"KadMedia","article_publisher":"https:\/\/www.facebook.com\/kadmedia\/?locale=sk_SK","twitter_card":"summary_large_image","twitter_misc":{"Est. reading time":"11 minutes"},"schema":{"@context":"https:\/\/schema.org","@graph":[{"@type":"WebPage","@id":"https:\/\/www.kadmedia.sk\/zasady-ochrany-osobnych-udajov\/","url":"https:\/\/www.kadmedia.sk\/zasady-ochrany-osobnych-udajov\/","name":"Z\u00e1sady ochrany osobn\u00fdch \u00fadajov - KadMedia","isPartOf":{"@id":"https:\/\/www.kadmedia.sk\/#website"},"datePublished":"2025-03-27T13:44:14+00:00","dateModified":"2025-03-27T13:44:14+00:00","breadcrumb":{"@id":"https:\/\/www.kadmedia.sk\/zasady-ochrany-osobnych-udajov\/#breadcrumb"},"inLanguage":"en-US","potentialAction":[{"@type":"ReadAction","target":["https:\/\/www.kadmedia.sk\/zasady-ochrany-osobnych-udajov\/"]}]},{"@type":"BreadcrumbList","@id":"https:\/\/www.kadmedia.sk\/zasady-ochrany-osobnych-udajov\/#breadcrumb","itemListElement":[{"@type":"ListItem","position":1,"name":"Home","item":"https:\/\/www.kadmedia.sk\/"},{"@type":"ListItem","position":2,"name":"Z\u00e1sady ochrany osobn\u00fdch \u00fadajov"}]},{"@type":"WebSite","@id":"https:\/\/www.kadmedia.sk\/#website","url":"https:\/\/www.kadmedia.sk\/","name":"KadMedia","description":"Kompletn\u00e9 technick\u00e9 zabezpe\u010denie podujat\u00ed","publisher":{"@id":"https:\/\/www.kadmedia.sk\/#organization"},"potentialAction":[{"@type":"SearchAction","target":{"@type":"EntryPoint","urlTemplate":"https:\/\/www.kadmedia.sk\/?s={search_term_string}"},"query-input":{"@type":"PropertyValueSpecification","valueRequired":true,"valueName":"search_term_string"}}],"inLanguage":"en-US"},{"@type":"Organization","@id":"https:\/\/www.kadmedia.sk\/#organization","name":"KadMedia","url":"https:\/\/www.kadmedia.sk\/","logo":{"@type":"ImageObject","inLanguage":"en-US","@id":"https:\/\/www.kadmedia.sk\/#\/schema\/logo\/image\/","url":"https:\/\/www.kadmedia.sk\/wp-content\/uploads\/2025\/01\/kadmedia-logo-clear-1.png","contentUrl":"https:\/\/www.kadmedia.sk\/wp-content\/uploads\/2025\/01\/kadmedia-logo-clear-1.png","width":290,"height":70,"caption":"KadMedia"},"image":{"@id":"https:\/\/www.kadmedia.sk\/#\/schema\/logo\/image\/"},"sameAs":["https:\/\/www.facebook.com\/kadmedia\/?locale=sk_SK","https:\/\/www.instagram.com\/kadmedia.sk\/"]}]}},"_links":{"self":[{"href":"https:\/\/www.kadmedia.sk\/en\/wp-json\/wp\/v2\/pages\/684","targetHints":{"allow":["GET"]}}],"collection":[{"href":"https:\/\/www.kadmedia.sk\/en\/wp-json\/wp\/v2\/pages"}],"about":[{"href":"https:\/\/www.kadmedia.sk\/en\/wp-json\/wp\/v2\/types\/page"}],"author":[{"embeddable":true,"href":"https:\/\/www.kadmedia.sk\/en\/wp-json\/wp\/v2\/users\/1"}],"replies":[{"embeddable":true,"href":"https:\/\/www.kadmedia.sk\/en\/wp-json\/wp\/v2\/comments?post=684"}],"version-history":[{"count":1,"href":"https:\/\/www.kadmedia.sk\/en\/wp-json\/wp\/v2\/pages\/684\/revisions"}],"predecessor-version":[{"id":686,"href":"https:\/\/www.kadmedia.sk\/en\/wp-json\/wp\/v2\/pages\/684\/revisions\/686"}],"wp:attachment":[{"href":"https:\/\/www.kadmedia.sk\/en\/wp-json\/wp\/v2\/media?parent=684"}],"curies":[{"name":"wp","href":"https:\/\/api.w.org\/{rel}","templated":true}]}}